{"id":74550,"date":"2024-03-11T13:41:29","date_gmt":"2024-03-11T10:41:29","guid":{"rendered":"https:\/\/internationalplus.net\/hair-transplantation\/stem-cell\/"},"modified":"2025-09-08T15:07:56","modified_gmt":"2025-09-08T12:07:56","slug":"celulas-tronco","status":"publish","type":"page","link":"https:\/\/internationalplus.net\/pt-pt\/transplante-capilar\/celulas-tronco\/","title":{"rendered":"C\u00e9lulas Estaminais"},"content":{"rendered":"<div class=\"wpb-content-wrapper\"><p>[vc_section full_width=&#8221;stretch_row&#8221; pix_over_visibility=&#8221;&#8221; css=&#8221;.vc_custom_1705409715417{padding-top: 0px !important;padding-bottom: 0px !important;background-color: #ffffff !important;}&#8221; el_class=&#8221;home-services&#8221;][vc_row full_width=&#8221;stretch_row&#8221; content_placement=&#8221;middle&#8221; pix_particles_check=&#8221;&#8221; responsive_css=&#8221;{&#8220;pix_res_sm_mb&#8220;:&#8220;0&#8220;}&#8221; el_class=&#8221;home-services-title&#8221; css=&#8221;.vc_custom_1705417284267{margin-bottom: 0px !important;background-color: #1b1b1b !important;}&#8221;][vc_column css=&#8221;.vc_custom_1704808337344{margin-top: 35px !important;margin-bottom: 35px !important;}&#8221;][vc_raw_html]W3dwc2J4X2h0bWxfYmxvY2sgaWQ9IjExMzY3Il0=[\/vc_raw_html]<div id=\"el1701959059936-7a45d8a3-0e13\" class=\"mb-3 text-center  vc_custom_1710164513701\"><div class=\"d-inline-block\" style=\"max-width:700px;\"><p class=\"mb-32 pix-sliding-headline-2 animate-in font-weight-bold secondary-font display-1 \" data-anim-type=\"pix-sliding-text\" pix-anim-delay=\"500\" data-class=\"secondary-font text-white\" style=\"\"><span class=\"slide-in-container \"><span class=\"pix-sliding-item secondary-font text-white\" style=\"transition-delay: 0ms;\">C\u00e9lulas&#32;<\/span><\/span> <span class=\"slide-in-container \"><span class=\"pix-sliding-item secondary-font text-white\" style=\"transition-delay: 150ms;\">Estaminais&#32;<\/span><\/span> <\/p><\/div><\/div><div class=\"text-center \"><div><p class=\"pix-headline my-3  slide-inverse text-white   \" style=\"\"><span>Desvendando os Segredos da Regenera\u00e7\u00e3o: Experimente os Milagres de <\/span><span class=\"pix-words-wrapper \"><span class=\"is-visible \" style=\"color:#333333;\"> Stem Cell<\/span><\/span><span>!<\/span><\/p><\/div><\/div>[\/vc_column][\/vc_row][\/vc_section][vc_section pix_over_visibility=&#8221;&#8221; responsive_css=&#8221;{&#8220;pix_res_sm_pt&#8220;:&#8220;30px&#8220;,&#8220;pix_res_sm_pb&#8220;:&#8220;30px&#8220;}&#8221; el_class=&#8221;services-content-page mobile-32&#8243; css=&#8221;.vc_custom_1705586296100{padding-top: 20px !important;padding-bottom: 20px !important;}&#8221;][vc_row full_width=&#8221;stretch_row&#8221; content_placement=&#8221;middle&#8221; pix_particles_check=&#8221;&#8221; responsive_css=&#8221;{&#8220;pix_res_sm_pt&#8220;:&#8220;0&#8220;,&#8220;pix_res_sm_pb&#8220;:&#8220;0&#8220;}&#8221;][vc_column width=&#8221;1\/2&#8243;]<div  class=\"pix-heading-el text-left  vc_custom_1710164520414\"><div><div class=\"slide-in-container2\"><h2 class=\"text-black font-weight-bold animate-in heading-text el-title_custom_color mb-12\" style=\"font-size:32px;\" data-anim-type=\"fade-in-up\" data-anim-delay=\"200\">O que \u00e9 Stem Cell?<\/h2><\/div><\/div><\/div>[vc_column_text css=&#8221;.vc_custom_1712756524155{margin-bottom: 10px !important;}&#8221;]O Transplante Capilar de C\u00e9lulas Estaminais, tamb\u00e9m conhecido como terapia com c\u00e9lulas estaminais, um avan\u00e7o na restaura\u00e7\u00e3o capilar, est\u00e1 na vanguarda dos procedimentos de ponta que remodelam o campo. Divergindo dos m\u00e9todos tradicionais, esta t\u00e9cnica aproveita as not\u00e1veis capacidades regenerativas das c\u00e9lulas estaminais para estimular o crescimento natural do cabelo, particularmente ben\u00e9fica para pacientes com alopecia androgen\u00e9tica e outras preocupa\u00e7\u00f5es com a perda de cabelo.<br \/>\nAs c\u00e9lulas estaminais s\u00e3o c\u00e9lulas indiferenciadas com a capacidade \u00fanica de se desenvolverem em v\u00e1rios tipos de c\u00e9lulas especializadas dentro do corpo. Estas c\u00e9lulas vers\u00e1teis desempenham um papel crucial na regenera\u00e7\u00e3o, repara\u00e7\u00e3o e manuten\u00e7\u00e3o dos tecidos. As c\u00e9lulas estaminais podem ser derivadas de v\u00e1rias fontes, tais como medula \u00f3ssea, tecido adiposo e tecidos embrion\u00e1rios. O seu potencial regenerativo torna-os um foco chave na investiga\u00e7\u00e3o e tratamentos m\u00e9dicos.<br \/>\nA terapia com c\u00e9lulas estaminais revoluciona o transplante capilar ao utilizar o poder regenerativo das c\u00e9lulas estaminais. Nesta t\u00e9cnica inovadora, as c\u00e9lulas estaminais aut\u00f3logas s\u00e3o colhidas dos pr\u00f3prios tecidos do paciente, promovendo a repara\u00e7\u00e3o e revitaliza\u00e7\u00e3o dos fol\u00edculos pilosos. Esta abordagem de ponta aumenta o sucesso e a naturalidade dos resultados do transplante capilar.<br \/>\nNo tratamento de Transplante Capilar de C\u00e9lulas Estaminais s\u00e3o utilizadas as pr\u00f3prias c\u00e9lulas do doente denominadas c\u00e9lulas estaminais &#8220;aut\u00f3logas&#8221;. 150-200 enxertos ou unidades foliculares capilares s\u00e3o colhidos de &#8220;\u00e1reas doadoras seguras&#8221; geneticamente resistentes no couro cabeludo sob anestesia local, produzindo c\u00e9lulas-tronco foliculares aut\u00f3logas. A suspens\u00e3o de c\u00e9lulas estaminais \u00e9 preparada exclusivamente a partir do tecido folicular piloso do doente, contendo c\u00e9lulas estaminais aut\u00f3logas localizadas na base dos fol\u00edculos pilosos. Produtos qu\u00edmicos enzim\u00e1ticos especiais processam os fol\u00edculos pilosos, separando as c\u00e9lulas estaminais aut\u00f3logas, tornando-as prontas para utiliza\u00e7\u00e3o em aproximadamente 2 horas. Solu\u00e7\u00e3o de c\u00e9lulas estaminais \u00e9 injetada no couro cabeludo, esta transfer\u00eancia de c\u00e9lulas aut\u00f3logas atua como um catalisador para a regenera\u00e7\u00e3o de fol\u00edculos pilosos adormecidos, melhorando significativamente a densidade geral do cabelo com a ajuda de inje\u00e7\u00f5es ricas em c\u00e9lulas estaminais.[\/vc_column_text]<a  href=\"https:\/\/internationalplus.net\/pt-pt\/contacto\/\" class=\"btn mb-2     btn-primary d-inline-block      btn-lg\"     ><i class=\"font-weight-bold pixicon-arrow-right2   mr-1\"><\/i> <span class=\"font-weight-bold \" >Solicite um or\u00e7amento<\/span><\/a>[\/vc_column][vc_column width=&#8221;1\/2&#8243;][vc_single_image image=&#8221;12076&#8243; img_size=&#8221;full&#8221; css=&#8221;.vc_custom_1710164986855{margin-bottom: 0px !important;padding-bottom: 0px !important;}&#8221;][\/vc_column][\/vc_row][\/vc_section][vc_section full_width=&#8221;stretch_row&#8221; pix_over_visibility=&#8221;&#8221; responsive_css=&#8221;{&#8220;pix_res_sm_pt&#8220;:&#8220;30&#8220;,&#8220;pix_res_sm_pb&#8220;:&#8220;30&#8220;}&#8221; css=&#8221;.vc_custom_1705586302870{padding-top: 40px !important;padding-bottom: 40px !important;background-color: #1b1b1b !important;}&#8221; el_class=&#8221;services-process mobile-32&#8243;][vc_row pix_particles_check=&#8221;&#8221; responsive_css=&#8221;{&#8220;pix_res_sm_pb&#8220;:&#8220;0&#8220;}&#8221; css=&#8221;.vc_custom_1648174112239{padding-bottom: 5px !important;}&#8221;][vc_column]<div  class=\"pix-heading-el text-center  vc_custom_1710164535090\"><div><div class=\"slide-in-container2\"><h2 class=\"text-white font-weight-bold animate-in heading-text el-title_custom_color mb-12\" style=\"font-size:40px;\" data-anim-type=\"fade-in-up\" data-anim-delay=\"200\">Processo de c\u00e9lulas estaminais na Turquia<\/h2><\/div><\/div><\/div>[\/vc_column][\/vc_row][vc_row pix_particles_check=&#8221;&#8221; pix_visibility=&#8221;1&#8243; bottom_divider=&#8221;4&#8243; css=&#8221;.vc_custom_1705409865772{padding-top: 30px !important;}&#8221;][vc_column width=&#8221;1\/2&#8243; offset=&#8221;vc_col-md-3 vc_col-xs-6&#8243;]<div class=\"pix-content-box card      vc_custom_1705417524062 custom-responsive-37105751   rounded-10 shadow-sm shadow-hover fly-sm animate-in bg- w-100  \"  data-anim-type=\"pix-3d-right-in\" data-anim-delay=\"100\"><div class=\"scene scene-over\"><\/div><div class=\"\" style=\"z-index:30;position:relative;\"><div id=\"1631139437348-433648d7-5c5c\" class=\"pix-feature-el text-left  vc_custom_1705398423646\"><div class=\"rounded-circle d-inline-block2 d-inline-flex align-items-center justify-content-center line-height-0 mw-100 bg-primary-light \"   style=\" width:54px;aspect-ratio:1\/1 !important;position:relative;text-align:center;\"><div class=\"text-primary\" style=\"display:inline-block;width:30px;height:30px;font-size:30px;\"><svg width=\"100%\" height=\"100%\" viewBox=\"0 0 24 24\" version=\"1.1\" xmlns=\"http:\/\/www.w3.org\/2000\/svg\" xmlns:xlink=\"http:\/\/www.w3.org\/1999\/xlink\"> <defs><\/defs> <g stroke=\"none\" stroke-width=\"1\" fill=\"none\" fill-rule=\"evenodd\"> <path d=\"M8,3 L8,3.5 C8,4.32842712 8.67157288,5 9.5,5 L14.5,5 C15.3284271,5 16,4.32842712 16,3.5 L16,3 L18,3 C19.1045695,3 20,3.8954305 20,5 L20,21 C20,22.1045695 19.1045695,23 18,23 L6,23 C4.8954305,23 4,22.1045695 4,21 L4,5 C4,3.8954305 4.8954305,3 6,3 L8,3 Z\" fill=\"#000000\" opacity=\"0.3\"><\/path> <path d=\"M11,2 C11,1.44771525 11.4477153,1 12,1 C12.5522847,1 13,1.44771525 13,2 L14.5,2 C14.7761424,2 15,2.22385763 15,2.5 L15,3.5 C15,3.77614237 14.7761424,4 14.5,4 L9.5,4 C9.22385763,4 9,3.77614237 9,3.5 L9,2.5 C9,2.22385763 9.22385763,2 9.5,2 L11,2 Z\" fill=\"#000000\"><\/path> <rect fill=\"#000000\" opacity=\"0.3\" x=\"7\" y=\"10\" width=\"5\" height=\"2\" rx=\"1\"><\/rect> <rect fill=\"#000000\" opacity=\"0.3\" x=\"7\" y=\"14\" width=\"9\" height=\"2\" rx=\"1\"><\/rect> <\/g> <\/svg><\/div><\/div><div class=\"font-weight-bold  secondary-font text-heading-default \" style=\"padding-top:0px;font-size:23px;\"  >Anestesia<\/div><div class=\"text-body-default      \" style=\"padding-top:0px;\"  >Locais<\/div><\/div><\/div><\/div>[\/vc_column][vc_column width=&#8221;1\/2&#8243; offset=&#8221;vc_col-md-3 vc_col-xs-6&#8243;]<div class=\"pix-content-box card      vc_custom_1705417529194 custom-responsive-128802751   rounded-10 shadow-sm shadow-hover fly-sm animate-in bg- w-100  \"  data-anim-type=\"pix-3d-right-in\" data-anim-delay=\"200\"><div class=\"scene scene-over\"><\/div><div class=\"\" style=\"z-index:30;position:relative;\"><div id=\"1630967617792-1d1499ad-0264\" class=\"pix-feature-el text-left  vc_custom_1714082052464\"><div class=\"rounded-circle d-inline-block2 d-inline-flex align-items-center justify-content-center line-height-0 mw-100 bg-primary-light \"   style=\" width:54px;aspect-ratio:1\/1 !important;position:relative;text-align:center;\"><div class=\"text-primary\" style=\"display:inline-block;width:30px;height:30px;font-size:30px;\"><svg width=\"100%\" height=\"100%\" viewBox=\"0 0 24 24\" version=\"1.1\" xmlns=\"http:\/\/www.w3.org\/2000\/svg\" xmlns:xlink=\"http:\/\/www.w3.org\/1999\/xlink\"> <defs><\/defs> <g stroke=\"none\" stroke-width=\"1\" fill=\"none\" fill-rule=\"evenodd\"> <circle id=\"Oval-32\" fill=\"#000000\" opacity=\"0.3\" cx=\"15\" cy=\"17\" r=\"5\"><\/circle> <circle id=\"Oval-32-Copy\" fill=\"#000000\" opacity=\"0.3\" cx=\"9\" cy=\"17\" r=\"5\"><\/circle> <circle id=\"Oval-32-Copy-2\" fill=\"#000000\" opacity=\"0.3\" cx=\"7\" cy=\"11\" r=\"5\"><\/circle> <circle id=\"Oval-32-Copy-3\" fill=\"#000000\" opacity=\"0.3\" cx=\"17\" cy=\"11\" r=\"5\"><\/circle> <circle id=\"Oval-32-Copy-4\" fill=\"#000000\" opacity=\"0.3\" cx=\"12\" cy=\"7\" r=\"5\"><\/circle> <\/g> <\/svg><\/div><\/div><div class=\"font-weight-bold  secondary-font text-heading-default \" style=\"padding-top:0px;font-size:23px;\"  >Dura\u00e7\u00e3o do tratamento<\/div><div class=\"text-body-default      \" style=\"padding-top:0px;\"  >2-3 Horas<\/div><\/div><\/div><\/div>[\/vc_column][vc_column width=&#8221;1\/2&#8243; offset=&#8221;vc_col-md-3 vc_col-xs-6&#8243;]<div class=\"pix-content-box card      vc_custom_1705417534294 custom-responsive-161068193   rounded-10 shadow-sm shadow-hover fly-sm animate-in bg- w-100  \"  data-anim-type=\"pix-3d-right-in\" data-anim-delay=\"300\"><div class=\"scene scene-over\"><\/div><div class=\"\" style=\"z-index:30;position:relative;\"><div id=\"1631142342222-cc42d4f9-b354\" class=\"pix-feature-el text-left  vc_custom_1714082073883\"><div class=\"rounded-circle d-inline-block2 d-inline-flex align-items-center justify-content-center line-height-0 mw-100 bg-primary-light \"   style=\" width:54px;aspect-ratio:1\/1 !important;position:relative;text-align:center;\"><div class=\"text-primary\" style=\"display:inline-block;width:30px;height:30px;font-size:30px;\"><svg width=\"100%\" height=\"100%\" viewBox=\"0 0 24 24\" version=\"1.1\" xmlns=\"http:\/\/www.w3.org\/2000\/svg\" xmlns:xlink=\"http:\/\/www.w3.org\/1999\/xlink\"> <defs><\/defs> <g stroke=\"none\" stroke-width=\"1\" fill=\"none\" fill-rule=\"evenodd\"> <path d=\"M12,21 C7.02943725,21 3,16.9705627 3,12 C3,7.02943725 7.02943725,3 12,3 C16.9705627,3 21,7.02943725 21,12 C21,16.9705627 16.9705627,21 12,21 Z M14.1654881,7.35483745 L9.61055177,10.3622525 C9.47921741,10.4489666 9.39637436,10.592455 9.38694497,10.7495509 L9.05991526,16.197949 C9.04337012,16.4735952 9.25341309,16.7104632 9.52905936,16.7270083 C9.63705011,16.7334903 9.74423017,16.7047714 9.83451193,16.6451626 L14.3894482,13.6377475 C14.5207826,13.5510334 14.6036256,13.407545 14.613055,13.2504491 L14.9400847,7.80205104 C14.9566299,7.52640477 14.7465869,7.28953682 14.4709406,7.27299168 C14.3629499,7.26650974 14.2557698,7.29522855 14.1654881,7.35483745 Z\" fill=\"#000000\"><\/path> <\/g> <\/svg><\/div><\/div><div class=\"font-weight-bold  secondary-font text-heading-default \" style=\"padding-top:0px;font-size:23px;\"  >Estadia em Istambul<\/div><div class=\"text-body-default      \" style=\"padding-top:0px;\"  >2 Dias<\/div><\/div><\/div><\/div>[\/vc_column][vc_column width=&#8221;1\/2&#8243; offset=&#8221;vc_col-md-3 vc_col-xs-6&#8243;]<div class=\"pix-content-box card      vc_custom_1705417539693 custom-responsive-181375935   rounded-10 shadow-sm shadow-hover fly-sm animate-in bg- w-100  \"  data-anim-type=\"pix-3d-right-in\" data-anim-delay=\"400\"><div class=\"scene scene-over\"><\/div><div class=\"\" style=\"z-index:30;position:relative;\"><div id=\"1631139433185-29462408-2f14\" class=\"pix-feature-el text-left  vc_custom_1705491533364\"><div class=\"rounded-circle d-inline-block2 d-inline-flex align-items-center justify-content-center line-height-0 mw-100 bg-primary-light \"   style=\" width:54px;aspect-ratio:1\/1 !important;position:relative;text-align:center;\"><div class=\"text-primary\" style=\"display:inline-block;width:30px;height:30px;font-size:30px;\"><svg width=\"100%\" height=\"100%\" viewBox=\"0 0 24 24\" version=\"1.1\" xmlns=\"http:\/\/www.w3.org\/2000\/svg\" xmlns:xlink=\"http:\/\/www.w3.org\/1999\/xlink\"> <defs><\/defs> <g stroke=\"none\" stroke-width=\"1\" fill=\"none\" fill-rule=\"evenodd\"> <path d=\"M18,14 C16.3431458,14 15,12.6568542 15,11 C15,9.34314575 16.3431458,8 18,8 C19.6568542,8 21,9.34314575 21,11 C21,12.6568542 19.6568542,14 18,14 Z M9,11 C6.790861,11 5,9.209139 5,7 C5,4.790861 6.790861,3 9,3 C11.209139,3 13,4.790861 13,7 C13,9.209139 11.209139,11 9,11 Z\" fill=\"#000000\" fill-rule=\"nonzero\" opacity=\"0.3\"><\/path> <path d=\"M17.6011961,15.0006174 C21.0077043,15.0378534 23.7891749,16.7601418 23.9984937,20.4 C24.0069246,20.5466056 23.9984937,21 23.4559499,21 L19.6,21 C19.6,18.7490654 18.8562935,16.6718327 17.6011961,15.0006174 Z M0.00065168429,20.1992055 C0.388258525,15.4265159 4.26191235,13 8.98334134,13 C13.7712164,13 17.7048837,15.2931929 17.9979143,20.2 C18.0095879,20.3954741 17.9979143,21 17.2466999,21 C13.541124,21 8.03472472,21 0.727502227,21 C0.476712155,21 -0.0204617505,20.45918 0.00065168429,20.1992055 Z\" fill=\"#000000\" fill-rule=\"nonzero\"><\/path> <\/g> <\/svg><\/div><\/div><div class=\"font-weight-bold  secondary-font text-heading-default \" style=\"padding-top:0px;font-size:23px;\"  >Socialmente aceit\u00e1vel<\/div><div class=\"text-body-default      \" style=\"padding-top:0px;\"  >1 Semana<\/div><\/div><\/div><\/div>[\/vc_column][\/vc_row][\/vc_section][vc_section pix_over_visibility=&#8221;&#8221; el_class=&#8221;services-content-page mobile-32 flex-row-reverse&#8221; css=&#8221;.vc_custom_1705587794510{padding-top: 0px !important;padding-bottom: 0px !important;}&#8221;][vc_row full_width=&#8221;stretch_row&#8221; content_placement=&#8221;middle&#8221; pix_particles_check=&#8221;&#8221; responsive_css=&#8221;{&#8220;pix_res_sm_pt&#8220;:&#8220;30&#8220;,&#8220;pix_res_sm_pb&#8220;:&#8220;30&#8220;}&#8221; css=&#8221;.vc_custom_1705587936971{padding-top: 40px !important;padding-bottom: 40px !important;}&#8221; el_class=&#8221;turnover&#8221;][vc_column width=&#8221;1\/2&#8243;]<div  class=\"pix-heading-el text-left  vc_custom_1710164540011\"><div><div class=\"slide-in-container2\"><h1 class=\"text-black font-weight-bold animate-in heading-text el-title_custom_color mb-12\" style=\"font-size:32px;\" data-anim-type=\"fade-in-up\" data-anim-delay=\"200\">Stem Cell em Istambul, Turquia<\/h1><\/div><\/div><\/div>[vc_column_text css=&#8221;.vc_custom_1710172147029{margin-bottom: 10px !important;}&#8221;]O transplante capilar de c\u00e9lulas estaminais em Istambul, Turquia, combina t\u00e9cnicas m\u00e9dicas avan\u00e7adas com a beleza c\u00e9nica desta cidade hist\u00f3rica. Esta abordagem inovadora \u00e0 restaura\u00e7\u00e3o capilar envolve a utiliza\u00e7\u00e3o das c\u00e9lulas estaminais do pr\u00f3prio paciente para estimular o crescimento do cabelo, proporcionando resultados naturais e duradouros. A nossa organiza\u00e7\u00e3o, equipada com tecnologia de ponta, garante uma experi\u00eancia confort\u00e1vel e bem-sucedida de transplante capilar de c\u00e9lulas estaminais. Explore as possibilidades de recuperar a sua confian\u00e7a e um cabelo mais cheio atrav\u00e9s dos nossos servi\u00e7os especializados no cora\u00e7\u00e3o de Istambul.[\/vc_column_text][\/vc_column][vc_column width=&#8221;1\/2&#8243;]<div class=\"pix-video bg-black rounded-10  \"  ><img decoding=\"async\" alt=\"Stem-Cell-in-istanbulTurkey\" src=\"https:\/\/internationalplus.net\/wp-content\/uploads\/2024\/03\/Stem-Cell-in-istanbulTurkey.webp\" class=\"video-bg pix-opacity-8\" title=\"\"><div class=\"video-play-btn video-play-btn-inline d-flex align-items-center justify-content-center scale shadow-lg bg-white\" style=\"width:100px;height:100px;\"><span class=\"text-primary\" style=\"height:50px;width:50px;\"><svg xmlns=\"http:\/\/www.w3.org\/2000\/svg\" viewBox=\"0 0 24 24\" ><path d=\"M8 6.82v10.36c0 .79.87 1.27 1.54.84l8.14-5.18c.62-.39.62-1.29 0-1.69L9.54 5.98C8.87 5.55 8 6.03 8 6.82z\"\/><\/svg>\n<\/span><\/div><div class=\"embed-responsive embed-responsive-16by9\"><iframe loading=\"lazy\" width=\"100%\" height=\"315\" src=\"https:\/\/www.youtube.com\/embed\/tsbwR9Bg8Tw?si=exuYkP701czVQ_i0\" title=\"YouTube video player\" frameborder=\"0\" allow=\"accelerometer; autoplay; clipboard-write; encrypted-media; gyroscope; picture-in-picture; web-share\" allowfullscreen><\/iframe><\/div><\/div>[\/vc_column][\/vc_row][vc_row full_width=&#8221;stretch_row&#8221; content_placement=&#8221;middle&#8221; pix_particles_check=&#8221;&#8221; responsive_css=&#8221;{&#8220;pix_res_sm_pt&#8220;:&#8220;30px&#8220;,&#8220;pix_res_sm_pb&#8220;:&#8220;0px&#8220;}&#8221; css=&#8221;.vc_custom_1710165011739{padding-top: 40px !important;padding-bottom: 0px !important;background-color: #1b1b1b !important;}&#8221; el_class=&#8221;services-content-page mobile-32&#8243;][vc_column width=&#8221;1\/2&#8243;]<div  class=\"pix-heading-el text-left  vc_custom_1710164549376\"><div><div class=\"slide-in-container2\"><h2 class=\"text-white font-weight-bold animate-in heading-text el-title_custom_color mb-12\" style=\"font-size:32px;\" data-anim-type=\"fade-in-up\" data-anim-delay=\"200\">Porqu\u00ea escolher-nos para o tratamento com c\u00e9lulas estaminais em Istambul, Turquia?<\/h2><\/div><\/div><\/div>[vc_column_text css=&#8221;.vc_custom_1712756608607{margin-bottom: 10px !important;}&#8221; el_class=&#8221;text-white&#8221;]Selecionar a Organiza\u00e7\u00e3o Internacional Plus de Transplante Capilar para o seu Transplante Capilar de C\u00e9lulas Estaminais em Istambul, Turquia, garante uma experi\u00eancia inigual\u00e1vel em restaura\u00e7\u00e3o capilar avan\u00e7ada. O nosso centro distingue-se atrav\u00e9s de uma mistura de tecnologia de ponta, profissionais especializados e um compromisso com a sua satisfa\u00e7\u00e3o. Nossos cirurgi\u00f5es qualificados empregam as t\u00e9cnicas mais recentes, aproveitando o poder regenerativo das c\u00e9lulas-tronco para obter resultados naturais e duradouros.<br \/>\nPriorizamos o atendimento personalizado, come\u00e7ando com uma consulta abrangente para entender suas necessidades exclusivas. Nossas instala\u00e7\u00f5es de \u00faltima gera\u00e7\u00e3o em Istambul oferecem um ambiente confort\u00e1vel e de apoio para sua jornada de transplante capilar. Desde avalia\u00e7\u00f5es pr\u00e9-procedimento at\u00e9 cuidados p\u00f3s-operat\u00f3rios, dedicamo-nos a oferecer excel\u00eancia em cada etapa do processo de cirurgia de transplante capilar de c\u00e9lulas estaminais.<br \/>\nCom um hist\u00f3rico de transplantes capilares de c\u00e9lulas-tronco bem-sucedidos, temos a reputa\u00e7\u00e3o de superar as expectativas. Junte-se a in\u00fameros clientes satisfeitos que nos escolheram para as suas necessidades de restaura\u00e7\u00e3o capilar. Experimente os efeitos transformadores do Transplante Capilar de C\u00e9lulas Estaminais com a organiza\u00e7\u00e3o International Plus em Istambul e recupere a sua confian\u00e7a num centro que prioriza o seu bem-estar.[\/vc_column_text][\/vc_column][vc_column width=&#8221;1\/2&#8243;][vc_single_image image=&#8221;12071&#8243; img_size=&#8221;full&#8221; alignment=&#8221;center&#8221; style=&#8221;vc_box_rounded&#8221; css=&#8221;.vc_custom_1710165000603{margin-bottom: 0px !important;padding-bottom: 0px !important;}&#8221; el_class=&#8221;img-services&#8221;][\/vc_column][\/vc_row][\/vc_section][vc_row full_width=&#8221;stretch_row&#8221; content_placement=&#8221;middle&#8221; pix_particles_check=&#8221;&#8221; responsive_css=&#8221;{&#8220;pix_res_sm_pt&#8220;:&#8220;30px&#8220;,&#8220;pix_res_sm_pb&#8220;:&#8220;30px&#8220;}&#8221; css=&#8221;.vc_custom_1708599013424{padding-top: 40px !important;padding-bottom: 40px !important;}&#8221; el_class=&#8221;mobile-32 turnover&#8221;][vc_column width=&#8221;1\/2&#8243;]<div  class=\"pix-heading-el text-left  vc_custom_1710164556120\"><div><div class=\"slide-in-container2\"><h2 class=\"text-black font-weight-bold animate-in heading-text el-title_custom_color mb-12\" style=\"font-size:32px;\" data-anim-type=\"fade-in-up\" data-anim-delay=\"200\">Vantagens das c\u00e9lulas estaminais<\/h2><\/div><\/div><\/div>[vc_column_text css=&#8221;.vc_custom_1712495536083{margin-bottom: 10px !important;}&#8221;]Escolher o Transplante Capilar de C\u00e9lulas Estaminais vem com uma infinidade de vantagens, tornando-o uma op\u00e7\u00e3o preferida para aqueles que procuram uma restaura\u00e7\u00e3o capilar eficaz e natural. Uma das principais vantagens reside na capacidade do procedimento de promover o crescimento do cabelo, utilizando o potencial regenerativo de v\u00e1rios tipos de c\u00e9lulas, incluindo c\u00e9lulas estaminais. Esta abordagem inovadora garante uma apar\u00eancia mais natural, com cabelos que se misturam perfeitamente.<br \/>\nO Transplante de C\u00e9lulas Estaminais \u00e9 conhecido pela sua natureza minimamente invasiva, levando a tempos de recupera\u00e7\u00e3o mais r\u00e1pidos e menos desconforto em compara\u00e7\u00e3o com os m\u00e9todos tradicionais, em grande parte atribu\u00eddos ao m\u00e9todo preciso de transfer\u00eancia celular. O procedimento tamb\u00e9m reduz o risco de cicatrizes, proporcionando um resultado cosmeticamente agrad\u00e1vel. Al\u00e9m disso, a terapia com c\u00e9lulas-tronco melhora a qualidade geral do cabelo, tornando o cabelo transplantado contendo fol\u00edculos pilosos resistente \u00e0 perda de cabelo futura devido \u00e0 aplica\u00e7\u00e3o de c\u00e9lulas-tronco mesenquimais.<br \/>\nOptar pelo Transplante de C\u00e9lulas Estaminais significa escolher uma t\u00e9cnica que resolva n\u00e3o s\u00f3 as preocupa\u00e7\u00f5es atuais com a perda de cabelo, mas tamb\u00e9m ofere\u00e7a benef\u00edcios a longo prazo. Experimente as vantagens transformadoras deste m\u00e9todo avan\u00e7ado, recuperando a sua confian\u00e7a com uma cabe\u00e7a de cabelo mais cheia e saud\u00e1vel. Confie na experi\u00eancia dos nossos profissionais qualificados para uma experi\u00eancia perfeita e gratificante de Transplante Capilar de C\u00e9lulas Estaminais com novo crescimento capilar.[\/vc_column_text][\/vc_column][vc_column width=&#8221;1\/2&#8243;][vc_single_image image=&#8221;12072&#8243; img_size=&#8221;full&#8221; alignment=&#8221;center&#8221; css=&#8221;.vc_custom_1710165019657{margin-bottom: 0px !important;padding-bottom: 0px !important;}&#8221;][\/vc_column][\/vc_row][vc_row full_width=&#8221;stretch_row&#8221; content_placement=&#8221;middle&#8221; pix_particles_check=&#8221;&#8221; responsive_css=&#8221;{&#8220;pix_res_sm_pt&#8220;:&#8220;30px&#8220;,&#8220;pix_res_sm_pb&#8220;:&#8220;30px&#8220;}&#8221; css=&#8221;.vc_custom_1707230651734{padding-top: 40px !important;padding-bottom: 0px !important;background-color: #1b1b1b !important;}&#8221; el_class=&#8221;mobile-32&#8243;][vc_column width=&#8221;1\/2&#8243;]<div  class=\"pix-heading-el text-left  vc_custom_1710164563981\"><div><div class=\"slide-in-container2\"><h2 class=\"text-white font-weight-bold animate-in heading-text el-title_custom_color mb-12\" style=\"font-size:32px;\" data-anim-type=\"fade-in-up\" data-anim-delay=\"200\">Quanto custa a c\u00e9lula-tronco?<\/h2><\/div><\/div><\/div>[vc_column_text css=&#8221;.vc_custom_1710175344847{margin-bottom: 10px !important;}&#8221; el_class=&#8221;text-white&#8221;]Quanto custa o transplante capilar de c\u00e9lulas estaminais em Istambul? Determinar o custo do Transplante de C\u00e9lulas Estaminais envolve v\u00e1rios fatores, tais como a extens\u00e3o da perda de cabelo, o resultado desejado e a reputa\u00e7\u00e3o e localiza\u00e7\u00e3o do Centro de Transplante Capilar. Embora os pre\u00e7os possam variar, optar pelo Transplante Capilar de C\u00e9lulas Estaminais \u00e9 um investimento numa solu\u00e7\u00e3o duradoura e natural para a queda de cabelo, utilizando a inje\u00e7\u00e3o de c\u00e9lulas estaminais para rejuvenescer a \u00e1rea da queda de cabelo.<br \/>\nO custo normalmente cobre v\u00e1rios aspetos, incluindo a consulta inicial, o procedimento em si e quaisquer consultas de acompanhamento. \u00c9 importante considerar que a qualidade da instala\u00e7\u00e3o, a experi\u00eancia da equipe m\u00e9dica e o uso de tecnologia avan\u00e7ada tamb\u00e9m contribuem para o custo geral.<br \/>\nEmbora o tratamento com c\u00e9lulas estaminais possa ter um custo inicial mais elevado em compara\u00e7\u00e3o com alguns m\u00e9todos tradicionais como o DHI, o transplante capilar Fue, muitas vezes revela-se uma escolha rent\u00e1vel a longo prazo devido aos seus resultados duradouros e \u00e0 necessidade m\u00ednima de tratamentos adicionais.<br \/>\nPara obter uma estimativa precisa e adaptada \u00e0s suas necessidades espec\u00edficas, recomenda-se que agende uma consulta gratuita connosco. Isto permite que os profissionais m\u00e9dicos avaliem o seu caso individual e forne\u00e7am uma vis\u00e3o detalhada dos custos associados, garantindo transpar\u00eancia e ajudando-o a tomar uma decis\u00e3o informada.[\/vc_column_text][\/vc_column][vc_column width=&#8221;1\/2&#8243;][vc_single_image image=&#8221;12075&#8243; img_size=&#8221;full&#8221; alignment=&#8221;center&#8221; css=&#8221;.vc_custom_1710165027106{margin-bottom: 0px !important;padding-bottom: 0px !important;}&#8221;][\/vc_column][\/vc_row][vc_row full_width=&#8221;stretch_row&#8221; content_placement=&#8221;middle&#8221; pix_particles_check=&#8221;&#8221; responsive_css=&#8221;{&#8220;pix_res_sm_pt&#8220;:&#8220;30px&#8220;,&#8220;pix_res_sm_pb&#8220;:&#8220;30px&#8220;}&#8221; css=&#8221;.vc_custom_1705588053325{padding-top: 40px !important;padding-bottom: 40px !important;}&#8221; el_class=&#8221;mobile-32 turnover&#8221;][vc_column width=&#8221;1\/2&#8243;]<div  class=\"pix-heading-el text-left  vc_custom_1710164571410\"><div><div class=\"slide-in-container2\"><h2 class=\"text-black font-weight-bold animate-in heading-text el-title_custom_color mb-12\" style=\"font-size:32px;\" data-anim-type=\"fade-in-up\" data-anim-delay=\"200\">Quem se qualifica para Stem Cell?<\/h2><\/div><\/div><\/div>[vc_column_text css=&#8221;.vc_custom_1710172886116{margin-bottom: 10px !important;}&#8221;]Determinar a elegibilidade para o Transplante de C\u00e9lulas Estaminais envolve considerar v\u00e1rios fatores. Geralmente, indiv\u00edduos que experimentam perda de cabelo, queda de cabelo, problemas de perda de cabelo, queda de linhas ou calv\u00edcie podem se qualificar para este procedimento inovador. Os candidatos ideais t\u00eam cabelo de doador suficiente, geralmente da parte de tr\u00e1s ou dos lados da cabe\u00e7a, para extra\u00e7\u00e3o e transplante, crucial para lidar com alopecia androgen\u00e9tica e outros problemas de perda de cabelo.<br \/>\nO tratamento com c\u00e9lulas estaminais para o cabelo, visando a \u00e1rea da queda de cabelo, \u00e9 adequado tanto para homens como para mulheres que procuram uma solu\u00e7\u00e3o natural e duradoura para a perda de cabelo. \u00c9 essencial consultar um profissional m\u00e9dico qualificado para avaliar a elegibilidade individual com base em padr\u00f5es espec\u00edficos de perda de cabelo, sa\u00fade geral e hist\u00f3rico m\u00e9dico, garantindo que o tratamento com c\u00e9lulas-tronco para o crescimento do cabelo seja apropriado.<br \/>\nCandidato a transplante capilar de c\u00e9lulas estaminais para cabelo deve estar em boa sa\u00fade e ter expectativas realistas sobre os resultados. Durante uma consulta personalizada, a equipa m\u00e9dica ir\u00e1 avaliar as caracter\u00edsticas \u00fanicas de cada caso, garantindo que o procedimento est\u00e1 alinhado com os objetivos e condi\u00e7\u00e3o m\u00e9dica do indiv\u00edduo.[\/vc_column_text][\/vc_column][vc_column width=&#8221;1\/2&#8243; responsive_css=&#8221;{&#8220;pix_res_sm_mb&#8220;:&#8220;15&#8220;}&#8221;]<div class=\"pix-video bg-black rounded-10  \"  ><img decoding=\"async\" alt=\"Who-qualifies-for-Stem-Cell-1\" src=\"https:\/\/internationalplus.net\/wp-content\/uploads\/2024\/03\/Who-qualifies-for-Stem-Cell-1.webp\" class=\"video-bg pix-opacity-8\" title=\"\"><div class=\"video-play-btn video-play-btn-inline d-flex align-items-center justify-content-center scale shadow-lg bg-white\" style=\"width:100px;height:100px;\"><span class=\"text-primary\" style=\"height:50px;width:50px;\"><svg xmlns=\"http:\/\/www.w3.org\/2000\/svg\" viewBox=\"0 0 24 24\" ><path d=\"M8 6.82v10.36c0 .79.87 1.27 1.54.84l8.14-5.18c.62-.39.62-1.29 0-1.69L9.54 5.98C8.87 5.55 8 6.03 8 6.82z\"\/><\/svg>\n<\/span><\/div><div class=\"embed-responsive embed-responsive-16by9\"><iframe loading=\"lazy\" width=\"100%\" height=\"315\" src=\"https:\/\/www.youtube.com\/embed\/4vmTyzCIhtA?si=A6gbMBjWot3ROnVz\" title=\"YouTube video player\" frameborder=\"0\" allow=\"accelerometer; autoplay; clipboard-write; encrypted-media; gyroscope; picture-in-picture; web-share\" allowfullscreen><\/iframe><\/div><\/div>[\/vc_column][\/vc_row][vc_row full_width=&#8221;stretch_row&#8221; content_placement=&#8221;middle&#8221; pix_particles_check=&#8221;&#8221; responsive_css=&#8221;{&#8220;pix_res_sm_pt&#8220;:&#8220;30px&#8220;,&#8220;pix_res_sm_pb&#8220;:&#8220;0px&#8220;}&#8221; css=&#8221;.vc_custom_1708510518560{padding-top: 40px !important;padding-bottom: 0px !important;background-color: #1b1b1b !important;}&#8221; el_class=&#8221;mobile-32&#8243;][vc_column width=&#8221;1\/2&#8243;]<div  class=\"pix-heading-el text-left  vc_custom_1710164578458\"><div><div class=\"slide-in-container2\"><h2 class=\"text-white font-weight-bold animate-in heading-text el-title_custom_color mb-12\" style=\"font-size:32px;\" data-anim-type=\"fade-in-up\" data-anim-delay=\"200\">Antes da Cirurgia de C\u00e9lulas Estaminais<\/h2><\/div><\/div><\/div>[vc_column_text css=&#8221;.vc_custom_1712756775564{margin-bottom: 10px !important;}&#8221; el_class=&#8221;text-white&#8221;]Antes de se submeter \u00e0 terapia capilar com c\u00e9lulas estaminais, a prepara\u00e7\u00e3o completa e a compreens\u00e3o do processo s\u00e3o essenciais.<br \/>\nDurante esta fase inicial, a equipa m\u00e9dica ir\u00e1 avaliar a sa\u00fade geral do paciente, o padr\u00e3o de perda de cabelo e a disponibilidade de cabelo do dador. \u00c9 crucial que os indiv\u00edduos comuniquem abertamente seus objetivos e fa\u00e7am quaisquer perguntas que possam ter sobre o procedimento, especialmente em rela\u00e7\u00e3o a como o tratamento pode ser aplicado para combater a alopecia androgen\u00e9tica e outras formas de queda de cabelo.<br \/>\nAntes do Transplante de C\u00e9lulas Estaminais, os doentes podem ser aconselhados a seguir orienta\u00e7\u00f5es espec\u00edficas fornecidas pela equipa m\u00e9dica para aumentar a efic\u00e1cia da aplica\u00e7\u00e3o de c\u00e9lulas estaminais. Isso pode incluir evitar certos medicamentos, ajustar as rotinas de cuidados capilares para apoiar o novo crescimento do cabelo ao longo do ciclo de crescimento do cabelo e abster-se de atividades que possam afetar o couro cabeludo, especialmente importante para pacientes que se recuperam de alopecia androgen\u00e9tica e outros tratamentos para a perda de cabelo.<br \/>\nOs pacientes s\u00e3o encorajados a manter um estilo de vida saud\u00e1vel, comendo refei\u00e7\u00f5es bem equilibradas, mantendo-se hidratados e descansando adequadamente antes do procedimento. Estas pr\u00e1ticas contribuem para o bem-estar geral e podem influenciar positivamente o sucesso do transplante.[\/vc_column_text][\/vc_column][vc_column width=&#8221;1\/2&#8243;][vc_single_image image=&#8221;12074&#8243; img_size=&#8221;full&#8221; alignment=&#8221;center&#8221; css=&#8221;.vc_custom_1710165036558{margin-bottom: 0px !important;padding-bottom: 0px !important;}&#8221;][\/vc_column][\/vc_row][vc_row full_width=&#8221;stretch_row&#8221; content_placement=&#8221;middle&#8221; pix_particles_check=&#8221;&#8221; responsive_css=&#8221;{&#8220;pix_res_sm_pt&#8220;:&#8220;30px&#8220;,&#8220;pix_res_sm_pb&#8220;:&#8220;0px&#8220;}&#8221; css=&#8221;.vc_custom_1708510655043{padding-top: 40px !important;padding-bottom: 0px !important;}&#8221; el_class=&#8221;mobile-32 turnover&#8221;][vc_column width=&#8221;1\/2&#8243;]<div  class=\"pix-heading-el text-left  vc_custom_1710164585779\"><div><div class=\"slide-in-container2\"><h2 class=\"text-black font-weight-bold animate-in heading-text el-title_custom_color mb-12\" style=\"font-size:32px;\" data-anim-type=\"fade-in-up\" data-anim-delay=\"200\">Ap\u00f3s Cirurgia de C\u00e9lulas Estaminais<\/h2><\/div><\/div><\/div>[vc_column_text css=&#8221;.vc_custom_1712756816054{margin-bottom: 10px !important;}&#8221;]Depois de se submeter ao Transplante de C\u00e9lulas Estaminais, uma rotina cuidadosa de cuidados p\u00f3s-operat\u00f3rios \u00e9 crucial para os melhores resultados. Os pacientes podem esperar alguma vermelhid\u00e3o inicial, incha\u00e7o e leve desconforto nas \u00e1reas doadora e recetora da perda de cabelo, que s\u00e3o consequ\u00eancias normais e tempor\u00e1rias do procedimento de transplante capilar.<br \/>\nImediatamente ap\u00f3s o procedimento, \u00e9 essencial seguir as instru\u00e7\u00f5es espec\u00edficas fornecidas pela equipe m\u00e9dica para cuidar da \u00e1rea rec\u00e9m-transplantada de queda de cabelo. Isso pode incluir orienta\u00e7\u00f5es para lavar o cabelo, evitar a exposi\u00e7\u00e3o direta ao sol e abster-se de atividades extenuantes por um per\u00edodo especificado.<br \/>\nNos dias seguintes ao transplante capilar de c\u00e9lulas estaminais, os doentes devem ser diligentes em manter a \u00e1rea recetora limpa e evitar qualquer trauma no couro cabeludo. A equipa m\u00e9dica pode prescrever medicamentos para prevenir infe\u00e7\u00f5es, promover a cicatriza\u00e7\u00e3o e apoiar o ciclo de crescimento do cabelo.<br \/>\nOs fol\u00edculos capilares transplantados passar\u00e3o por uma fase de descama\u00e7\u00e3o, que \u00e9 uma parte natural do processo. Isto \u00e9 seguido por um per\u00edodo de descanso antes do crescimento de novos cabelos permanentes come\u00e7ar, uma fase crucial no ciclo de crescimento do cabelo para pacientes submetidos a tratamento para alopecia androgen\u00e9tica e outras condi\u00e7\u00f5es de perda de cabelo. Os doentes devem ser pacientes e compreender que os resultados vis\u00edveis levam tempo.<br \/>\nConsultas regulares de acompanhamento com a equipe m\u00e9dica s\u00e3o normalmente agendadas para monitorar o progresso e resolver quaisquer preocupa\u00e7\u00f5es. \u00c9 crucial que os pacientes comuniquem abertamente sobre sua recupera\u00e7\u00e3o e fa\u00e7am perguntas durante esses acompanhamentos.[\/vc_column_text][\/vc_column][vc_column width=&#8221;1\/2&#8243;][vc_single_image image=&#8221;12073&#8243; img_size=&#8221;full&#8221; alignment=&#8221;center&#8221; css=&#8221;.vc_custom_1710165045603{margin-bottom: 0px !important;padding-bottom: 0px !important;}&#8221;][\/vc_column][\/vc_row][vc_section full_width=&#8221;stretch_row&#8221; pix_over_visibility=&#8221;&#8221; responsive_css=&#8221;{&#8220;pix_res_sm_pt&#8220;:&#8220;30px&#8220;,&#8220;pix_res_sm_pb&#8220;:&#8220;30px&#8220;}&#8221; css=&#8221;.vc_custom_1705586345006{padding-top: 50px !important;padding-bottom: 50px !important;background-color: #1b1b1b !important;}&#8221; el_class=&#8221;services-before-after mobile-32&#8243;][vc_row full_width=&#8221;stretch_row&#8221; content_placement=&#8221;middle&#8221; pix_particles_check=&#8221;&#8221; css=&#8221;.vc_custom_1705490579630{margin-bottom: 20px !important;}&#8221;][vc_column width=&#8221;2\/3&#8243;]<div  class=\"pix-heading-el text-left  vc_custom_1710164592390\"><div><div class=\"slide-in-container2\"><h2 class=\"text-white font-weight-bold animate-in heading-text el-title_custom_color mb-12\" style=\"font-size:32px;\" data-anim-type=\"fade-in-up\" data-anim-delay=\"200\">C\u00e9lulas-tronco antes &amp; depois<\/h2><\/div><\/div><\/div><div class=\"text-left  vc_custom_1710268362972\"><div><p class=\"pix-headline my-3  slide-inverse text-white   \" style=\"\"><span>Descubra o mundo dos cuidados de sa\u00fade na International Plus! Explore as \u00e1reas onde nossos m\u00e9dicos afiliados prestam servi\u00e7os em nossa organiza\u00e7\u00e3o de \u00faltima gera\u00e7\u00e3o. <\/span><span class=\"pix-words-wrapper is-last\"><span class=\"is-visible \" ><\/span><\/span><\/p><\/div><\/div>[\/vc_column][vc_column width=&#8221;1\/3&#8243; content_align=&#8221;text-right&#8221; el_class=&#8221;d-md-flex align-items-center mobile-left&#8221;]<a  href=\"https:\/\/internationalplus.net\/pt-pt\/antes-depois\/\" class=\"btn mb-2     text-black btn-white d-inline-block pix-hover-item       animate-in btn-md\"   data-anim-type=\"fade-in-up\" data-anim-delay=\"800\" ><i class=\"font-weight-bold pixicon-arrow-right2  pix-hover-left  mr-1\"><\/i> <span class=\"font-weight-bold \" >Todos os resultados<\/span><\/a>[\/vc_column][\/vc_row][vc_row full_width=&#8221;stretch_row&#8221; content_placement=&#8221;middle&#8221; pix_particles_check=&#8221;&#8221;][vc_column css=&#8221;.vc_custom_1705409226333{margin-top: 0px !important;margin-bottom: 0px !important;}&#8221;]<div class=\"\"><div id=\"pix-slider-179566383\" class=\"pix-main-slider pix-fix-x2  pix-opacity-slider pix-fade-out-effect   pix-slider-4 pix-slider-dots  \" data-flickity='{\"autoPlay\":false,\"freeScroll\":false,\"prevNextButtons\":false,\"wrapAround\":true,\"pageDots\":true,\"adaptiveHeight\":true,\"rightToLeft\":false,\"cellAlign\":\"left\",\"contain\":true,\"slider_effect\":\"pix-fade-out-effect\",\"pix_id\":\"#pix-slider-179566383\"}'><div class=\"carousel-cell\"><div class=\"slide-inner pix-p-10\"><div class=\"pix-slider-effects\"><div class=\"animate-in d-inline-block\" data-anim-type=\"pix-3d-right-in\" data-anim-delay=\"0\"><div class=\"shadow-lg shadow-hover-lg scale-sm text-left w-100 d-inline-block rounded-10\"  ><img loading=\"lazy\" decoding=\"async\" class=\"card-img rounded-10 h-100\" width=\"1080\" height=\"1080\" srcset=\"https:\/\/internationalplus.net\/wp-content\/uploads\/2024\/03\/before-after-eyebrow-transplant-1-300x300.webp 300w, https:\/\/internationalplus.net\/wp-content\/uploads\/2024\/03\/before-after-eyebrow-transplant-1-150x150.webp 150w, https:\/\/internationalplus.net\/wp-content\/uploads\/2024\/03\/before-after-eyebrow-transplant-1-768x768.webp 768w, https:\/\/internationalplus.net\/wp-content\/uploads\/2024\/03\/before-after-eyebrow-transplant-1-1024x1024.webp 1024w, https:\/\/internationalplus.net\/wp-content\/uploads\/2024\/03\/before-after-eyebrow-transplant-1-500x500.webp 500w, https:\/\/internationalplus.net\/wp-content\/uploads\/2024\/03\/before-after-eyebrow-transplant-1-800x800.webp 800w, https:\/\/internationalplus.net\/wp-content\/uploads\/2024\/03\/before-after-eyebrow-transplant-1-400x400.webp 400w, https:\/\/internationalplus.net\/wp-content\/uploads\/2024\/03\/before-after-eyebrow-transplant-1-75x75.webp 75w, https:\/\/internationalplus.net\/wp-content\/uploads\/2024\/03\/before-after-eyebrow-transplant-1-460x460.webp 460w, https:\/\/internationalplus.net\/wp-content\/uploads\/2024\/03\/before-after-eyebrow-transplant-1.webp 1080w\" sizes=\"auto, (max-width: 1080px) 100vw, 1080px\" src=\"https:\/\/internationalplus.net\/wp-content\/uploads\/2024\/03\/before-after-eyebrow-transplant-1.webp\" alt=\"\" style=\"\" title=\"\"><\/div><\/div><\/div><\/div><\/div><\/div><\/div>[vc_raw_html]PGRpdiBpZD0ibXlNb2RhbCIgY2xhc3M9Im1vZGFsIj4KICA8c3BhbiBjbGFzcz0iY2xvc2UiPsOXPC9zcGFuPgogIDxpbWcgY2xhc3M9Im1vZGFsLWNvbnRlbnQiIGlkPSJpbWcwMSI+CiAgPGRpdiBpZD0iY2FwdGlvbiI+PC9kaXY+CjwvZGl2Pgo8c2NyaXB0PgovLyBHZXQgdGhlIG1vZGFsCiAgICB2YXIgbW9kYWwgPSBkb2N1bWVudC5nZXRFbGVtZW50QnlJZCgibXlNb2RhbCIpOwoKICAgIC8vIEdldCB0aGUgaW1hZ2VzIGFuZCBpbnNlcnQgaXQgaW5zaWRlIHRoZSBtb2RhbCAtIHVzZSBpdHMgImFsdCIgdGV4dCBhcyBhIGNhcHRpb24KICAgIHZhciBpbWdzID0gZG9jdW1lbnQuZ2V0RWxlbWVudHNCeUNsYXNzTmFtZSgiY2FyZC1pbWcgcm91bmRlZC0xMCBoLTEwMCIpOyAvLyBhbmzEsWsgaW1nIGV0aWtldGluaW4gY2xhc3MgbmFtZSdpCiAgICBsZXQgc2Nyb2xsUG9zaXRpb24gPSAiIjsKICAgIHZhciBtb2RhbEltZyA9IGRvY3VtZW50LmdldEVsZW1lbnRCeUlkKCJpbWcwMSIpOwogICAgLy8gdmFyIGNhcHRpb25UZXh0ID0gZG9jdW1lbnQuZ2V0RWxlbWVudEJ5SWQoImNhcHRpb24iKTsKCiAgICAvLyBpbWcgbmVzbmVzaSBiaXIgSFRNTENvbGxlY3Rpb24gZMO2bmTDvMSfw7wgacOnaW4sIGhlciBiaXIgaW1nIGVsZW1lbnRpIGnDp2luIGF5csSxIGF5csSxIGV2ZW50IGxpc3RlbmVyIGVrbGVtZW1peiBnZXJla2l5b3IuCiAgICBBcnJheS5mcm9tKGltZ3MpLmZvckVhY2goZnVuY3Rpb24oaW1nKSB7CiAgICAgICAgaW1nLm9uY2xpY2sgPSBmdW5jdGlvbigpIHsKICAgICAgICAgICAgbW9kYWwuc3R5bGUuZGlzcGxheSA9ICJibG9jayI7CiAgICAgICAgICAgIG1vZGFsSW1nLnNyYyA9IHRoaXMuc3JjOyAKCiAgICAgICAgICAgIC8vIE1ldmN1dCBzY3JvbGwgcG96aXN5b251bnUga2F5ZGV0CiAgICAgICAgICAgIHNjcm9sbFBvc2l0aW9uID0gd2luZG93LnNjcm9sbFk7CgogICAgICAgICAgICAvLyBib2R5IGVsZW1lbnRpbmluIG92ZXJmbG93IMO2emVsbGnEn2luaSBoaWRkZW4gb2xhcmFrIGF5YXJsYQogICAgICAgICAgICBkb2N1bWVudC5ib2R5LnN0eWxlLm92ZXJmbG93ID0gJ2hpZGRlbic7CgogICAgICAgICAgICAvLyBTYXlmYW7EsW4gc2Nyb2xsIHBvemlzeW9udW51IHPEsWbEsXJsYQogICAgICAgICAgICBkb2N1bWVudC5ib2R5LnN0eWxlLnBvc2l0aW9uID0gJ2ZpeGVkJzsKICAgICAgICAgICAgZG9jdW1lbnQuYm9keS5zdHlsZS53aWR0aCA9ICcxMDAlJzsgCiAgICAgICAgfQogICAgfSk7CgogICAgdmFyIHNwYW4gPSBkb2N1bWVudC5nZXRFbGVtZW50c0J5Q2xhc3NOYW1lKCJjbG9zZSIpWzBdOwogICAgc3Bhbi5vbmNsaWNrID0gZnVuY3Rpb24oKSB7IAogICAgICAgIG1vZGFsLnN0eWxlLmRpc3BsYXkgPSAibm9uZSI7CgogICAgICAgIC8vIGJvZHkgZWxlbWVudGluaW4gb3ZlcmZsb3cgw7Z6ZWxsacSfaW5pIGF1dG8gb2xhcmFrIGF5YXJsYQogICAgICAgIGRvY3VtZW50LmJvZHkuc3R5bGUub3ZlcmZsb3cgPSAnYXV0byc7CgogICAgICAgIC8vIEtheWRlZGlsZW4gc2Nyb2xsIHBvemlzeW9udW51IGdlcmkgecO8a2xlCiAgICAgICAgZG9jdW1lbnQuYm9keS5zdHlsZS5wb3NpdGlvbiA9ICcnOwogICAgICAgIGRvY3VtZW50LmJvZHkuc3R5bGUud2lkdGggPSAnJzsKICAgICAgICB3aW5kb3cuc2Nyb2xsVG8oMCwgc2Nyb2xsUG9zaXRpb24pOwogICAgfTsgPC9zY3JpcHQ+[\/vc_raw_html][\/vc_column][\/vc_row][\/vc_section][vc_row pix_particles_check=&#8221;&#8221; responsive_css=&#8221;{&#8220;pix_res_sm_pt&#8220;:&#8220;30&#8220;,&#8220;pix_res_sm_pb&#8220;:&#8220;30&#8220;}&#8221; css=&#8221;.vc_custom_1705588292676{padding-top: 40px !important;padding-bottom: 40px !important;}&#8221; el_class=&#8221;turnover&#8221;][vc_column][vc_raw_html]W3dwc2J4X2h0bWxfYmxvY2sgaWQ9IjEwMDE2Il0=[\/vc_raw_html][\/vc_column][\/vc_row][vc_section full_width=&#8221;stretch_row&#8221; pix_over_visibility=&#8221;&#8221; responsive_css=&#8221;{&#8220;pix_res_sm_pt&#8220;:&#8220;30px&#8220;,&#8220;pix_res_sm_pb&#8220;:&#8220;30px&#8220;}&#8221; css=&#8221;.vc_custom_1705586351156{padding-top: 50px !important;padding-bottom: 50px !important;background-color: #fafafa !important;}&#8221; el_class=&#8221;services-faq mobile-32&#8243;][vc_row pix_particles_check=&#8221;&#8221; responsive_css=&#8221;{&#8220;pix_res_sm_pb&#8220;:&#8220;0&#8220;}&#8221; css=&#8221;.vc_custom_1648174112239{padding-bottom: 5px !important;}&#8221;][vc_column]<div  class=\"pix-heading-el text-center  vc_custom_1710164601444\"><div><div class=\"slide-in-container2\"><h2 class=\"text-black font-weight-bold animate-in heading-text el-title_custom_color mb-12\" style=\"font-size:32px;\" data-anim-type=\"fade-in-up\" data-anim-delay=\"200\">C\u00e9lulas-tronco na Turquia FAQ<\/h2><\/div><\/div><\/div><div class=\"text-center  vc_custom_1705404152636\"><div><p class=\"pix-headline my-3  slide-inverse text-black   \" style=\"\"><span>Se n\u00e3o encontrar uma resposta \u00e0 sua pergunta, pode enviar-nos um e-mail a partir do nosso formul\u00e1rio de contacto. <\/span><span class=\"pix-words-wrapper is-last\"><span class=\"is-visible \" ><\/span><\/span><\/p><\/div><\/div>[\/vc_column][\/vc_row][vc_row content_placement=&#8221;middle&#8221; pix_particles_check=&#8221;&#8221;][vc_column width=&#8221;1\/2&#8243;]<div class=\"accordion w-100 accordion-card bg-white2 rounded-lg2 \" id=\"accordion-1705403981552-c000db6e-e2b8\"><div class=\"card \">\n           <div class=\"card-header bg-white pix-mb-10 shadow-sm rounded-lg\" id=\"heading1708593500104-a7371679-855d\">\n               <button class=\"btn btn-link text-left rounded-lg bg-white\" type=\"button\" data-toggle=\"collapse\" data-target=\"#collapse1708593500104-a7371679-855d\" aria-expanded=\"true\" aria-controls=\"collapse1708593500104-a7371679-855d\" ><span class=\"d-inline-block text-gradient-primary svg-20 pix-mr-10\"><svg width=\"100%\" height=\"100%\" viewBox=\"0 0 24 24\" version=\"1.1\" xmlns=\"http:\/\/www.w3.org\/2000\/svg\" xmlns:xlink=\"http:\/\/www.w3.org\/1999\/xlink\"> <defs><\/defs> <g stroke=\"none\" stroke-width=\"1\" fill=\"none\" fill-rule=\"evenodd\"> <circle fill=\"#000000\" opacity=\"0.3\" cx=\"12\" cy=\"12\" r=\"10\"><\/circle> <path d=\"M12,16 C12.5522847,16 13,16.4477153 13,17 C13,17.5522847 12.5522847,18 12,18 C11.4477153,18 11,17.5522847 11,17 C11,16.4477153 11.4477153,16 12,16 Z M10.591,14.868 L10.591,13.209 L11.851,13.209 C13.447,13.209 14.602,11.991 14.602,10.395 C14.602,8.799 13.447,7.581 11.851,7.581 C10.234,7.581 9.121,8.799 9.121,10.395 L7.336,10.395 C7.336,7.875 9.31,5.922 11.851,5.922 C14.392,5.922 16.387,7.875 16.387,10.395 C16.387,12.915 14.392,14.868 11.851,14.868 L10.591,14.868 Z\" fill=\"#000000\"><\/path> <\/g> <\/svg><\/span><h3 class=\"font-weight-bold secondary-font text-heading-default\" >Quanto custa um transplante capilar completo de c\u00e9lulas-tronco na Turquia?<\/h3><\/button>\n           <\/div>\n           <div id=\"collapse1708593500104-a7371679-855d\" class=\"collapse  \" aria-labelledby=\"heading1708593500104-a7371679-855d\">\n             <div class=\"card-body\">\n                 <div class=\"pix-el-text w-100  \" ><div class=\"d-inline-block\" style=\"max-width:600px;\"><p class=\"  text-body-default  \" >Os custos do transplante capilar de c\u00e9lulas estaminais na Turquia variam com base nas necessidades individuais e nas prefer\u00eancias do centro de transplante capilar. As despesas abrangem o procedimento em si, instala\u00e7\u00f5es m\u00e9dicas, honor\u00e1rios profissionais e cuidados p\u00f3s-operat\u00f3rios. Os pre\u00e7os s\u00e3o geralmente mais acess\u00edveis na Turquia em compara\u00e7\u00e3o com muitos outros pa\u00edses, tornando-se uma escolha rent\u00e1vel para aqueles que procuram tratamento de qualidade. No entanto, os custos espec\u00edficos dependem de fatores como a extens\u00e3o do transplante e a reputa\u00e7\u00e3o do centro de trnsplant capilar. Explore o nosso site para obter informa\u00e7\u00f5es detalhadas sobre as despesas completas de Transplante Capilar de C\u00e9lulas Estaminais e porque \u00e9 que a Turquia se destaca como um destino l\u00edder para este procedimento inovador.<\/p><\/div><\/div>\n             <\/div>\n           <\/div>\n         <\/div><div class=\"card \">\n           <div class=\"card-header bg-white pix-mb-10 shadow-sm rounded-lg\" id=\"heading1708593470897-2430566b-f207\">\n               <button class=\"btn btn-link text-left rounded-lg bg-white\" type=\"button\" data-toggle=\"collapse\" data-target=\"#collapse1708593470897-2430566b-f207\" aria-expanded=\"true\" aria-controls=\"collapse1708593470897-2430566b-f207\" ><span class=\"d-inline-block text-gradient-primary svg-20 pix-mr-10\"><svg width=\"100%\" height=\"100%\" viewBox=\"0 0 24 24\" version=\"1.1\" xmlns=\"http:\/\/www.w3.org\/2000\/svg\" xmlns:xlink=\"http:\/\/www.w3.org\/1999\/xlink\"> <defs><\/defs> <g stroke=\"none\" stroke-width=\"1\" fill=\"none\" fill-rule=\"evenodd\"> <circle fill=\"#000000\" opacity=\"0.3\" cx=\"12\" cy=\"12\" r=\"10\"><\/circle> <path d=\"M12,16 C12.5522847,16 13,16.4477153 13,17 C13,17.5522847 12.5522847,18 12,18 C11.4477153,18 11,17.5522847 11,17 C11,16.4477153 11.4477153,16 12,16 Z M10.591,14.868 L10.591,13.209 L11.851,13.209 C13.447,13.209 14.602,11.991 14.602,10.395 C14.602,8.799 13.447,7.581 11.851,7.581 C10.234,7.581 9.121,8.799 9.121,10.395 L7.336,10.395 C7.336,7.875 9.31,5.922 11.851,5.922 C14.392,5.922 16.387,7.875 16.387,10.395 C16.387,12.915 14.392,14.868 11.851,14.868 L10.591,14.868 Z\" fill=\"#000000\"><\/path> <\/g> <\/svg><\/span><h3 class=\"font-weight-bold secondary-font text-heading-default\" >A Turquia \u00e9 boa para o transplante capilar de c\u00e9lulas estaminais?<\/h3><\/button>\n           <\/div>\n           <div id=\"collapse1708593470897-2430566b-f207\" class=\"collapse  \" aria-labelledby=\"heading1708593470897-2430566b-f207\">\n             <div class=\"card-body\">\n                 <div class=\"pix-el-text w-100  \" ><div class=\"d-inline-block\" style=\"max-width:600px;\"><p class=\"  text-body-default  \" >Com certeza! A Turquia \u00e9 uma excelente escolha para o Transplante Capilar de C\u00e9lulas Estaminais, conhecido pela sua utiliza\u00e7\u00e3o de t\u00e9cnicas avan\u00e7adas de cirurgia de transplante capilar, incluindo a aplica\u00e7\u00e3o de c\u00e9lulas estaminais. Conhecida por suas instala\u00e7\u00f5es m\u00e9dicas avan\u00e7adas, profissionais experientes e pre\u00e7os competitivos, a Turquia oferece tratamento de primeira linha para restaura\u00e7\u00e3o capilar. Os centros de transplante capilar de ponta do pa\u00eds e cirurgi\u00f5es qualificados fazem dele um destino preferencial, garantindo procedimentos bem-sucedidos e resultados satisfat\u00f3rios. Explore as vantagens de optar pelo Transplante Capilar de C\u00e9lulas Estaminais na Turquia, onde a qualidade se encontra com a acessibilidade, tornando-o uma escolha confi\u00e1vel e confi\u00e1vel para aqueles que procuram solu\u00e7\u00f5es eficazes de restaura\u00e7\u00e3o capilar.<\/p><\/div><\/div>\n             <\/div>\n           <\/div>\n         <\/div><div class=\"card \">\n           <div class=\"card-header bg-white pix-mb-10 shadow-sm rounded-lg\" id=\"heading1708593475051-1c575647-cfe8\">\n               <button class=\"btn btn-link text-left rounded-lg bg-white\" type=\"button\" data-toggle=\"collapse\" data-target=\"#collapse1708593475051-1c575647-cfe8\" aria-expanded=\"true\" aria-controls=\"collapse1708593475051-1c575647-cfe8\" ><span class=\"d-inline-block text-gradient-primary svg-20 pix-mr-10\"><svg width=\"100%\" height=\"100%\" viewBox=\"0 0 24 24\" version=\"1.1\" xmlns=\"http:\/\/www.w3.org\/2000\/svg\" xmlns:xlink=\"http:\/\/www.w3.org\/1999\/xlink\"> <defs><\/defs> <g stroke=\"none\" stroke-width=\"1\" fill=\"none\" fill-rule=\"evenodd\"> <circle fill=\"#000000\" opacity=\"0.3\" cx=\"12\" cy=\"12\" r=\"10\"><\/circle> <path d=\"M12,16 C12.5522847,16 13,16.4477153 13,17 C13,17.5522847 12.5522847,18 12,18 C11.4477153,18 11,17.5522847 11,17 C11,16.4477153 11.4477153,16 12,16 Z M10.591,14.868 L10.591,13.209 L11.851,13.209 C13.447,13.209 14.602,11.991 14.602,10.395 C14.602,8.799 13.447,7.581 11.851,7.581 C10.234,7.581 9.121,8.799 9.121,10.395 L7.336,10.395 C7.336,7.875 9.31,5.922 11.851,5.922 C14.392,5.922 16.387,7.875 16.387,10.395 C16.387,12.915 14.392,14.868 11.851,14.868 L10.591,14.868 Z\" fill=\"#000000\"><\/path> <\/g> <\/svg><\/span><h3 class=\"font-weight-bold secondary-font text-heading-default\" >Porque \u00e9 que o transplante de c\u00e9lulas estaminais do cabelo \u00e9 cheep na Turquia?<\/h3><\/button>\n           <\/div>\n           <div id=\"collapse1708593475051-1c575647-cfe8\" class=\"collapse  \" aria-labelledby=\"heading1708593475051-1c575647-cfe8\">\n             <div class=\"card-body\">\n                 <div class=\"pix-el-text w-100  \" ><div class=\"d-inline-block\" style=\"max-width:600px;\"><p class=\"  text-body-default  \" >Selecionar Turquia para o seu Transplante de C\u00e9lulas Estaminais Capilares n\u00e3o \u00e9 apenas uma escolha s\u00e1bia, mas tamb\u00e9m uma escolha rent\u00e1vel. A acessibilidade deste procedimento na Turquia \u00e9 atribu\u00edda ao pa\u00eds pre\u00e7os de sa\u00fade competitivos sem comprometer a qualidade. Com instala\u00e7\u00f5es de \u00faltima gera\u00e7\u00e3o, profissionais m\u00e9dicos experientes e uma taxa de c\u00e2mbio favor\u00e1vel, a Turquia garante altos padr\u00f5es de cuidados a uma fra\u00e7\u00e3o do custo em compara\u00e7\u00e3o com muitos outros pa\u00edses. Aproveite os benef\u00edcios do Transplante de C\u00e9lulas Estaminais Capilares amigo do or\u00e7amento mas de alta qualidade na Turquia, tornando-o uma op\u00e7\u00e3o atraente para aqueles que procuram solu\u00e7\u00f5es de restaura\u00e7\u00e3o capilar eficazes e econ\u00f3micas.<\/p><\/div><\/div>\n             <\/div>\n           <\/div>\n         <\/div><div class=\"card \">\n           <div class=\"card-header bg-white pix-mb-10 shadow-sm rounded-lg\" id=\"heading1708593480955-39c2fe8b-472e\">\n               <button class=\"btn btn-link text-left rounded-lg bg-white\" type=\"button\" data-toggle=\"collapse\" data-target=\"#collapse1708593480955-39c2fe8b-472e\" aria-expanded=\"true\" aria-controls=\"collapse1708593480955-39c2fe8b-472e\" ><span class=\"d-inline-block text-gradient-primary svg-20 pix-mr-10\"><svg width=\"100%\" height=\"100%\" viewBox=\"0 0 24 24\" version=\"1.1\" xmlns=\"http:\/\/www.w3.org\/2000\/svg\" xmlns:xlink=\"http:\/\/www.w3.org\/1999\/xlink\"> <defs><\/defs> <g stroke=\"none\" stroke-width=\"1\" fill=\"none\" fill-rule=\"evenodd\"> <circle fill=\"#000000\" opacity=\"0.3\" cx=\"12\" cy=\"12\" r=\"10\"><\/circle> <path d=\"M12,16 C12.5522847,16 13,16.4477153 13,17 C13,17.5522847 12.5522847,18 12,18 C11.4477153,18 11,17.5522847 11,17 C11,16.4477153 11.4477153,16 12,16 Z M10.591,14.868 L10.591,13.209 L11.851,13.209 C13.447,13.209 14.602,11.991 14.602,10.395 C14.602,8.799 13.447,7.581 11.851,7.581 C10.234,7.581 9.121,8.799 9.121,10.395 L7.336,10.395 C7.336,7.875 9.31,5.922 11.851,5.922 C14.392,5.922 16.387,7.875 16.387,10.395 C16.387,12.915 14.392,14.868 11.851,14.868 L10.591,14.868 Z\" fill=\"#000000\"><\/path> <\/g> <\/svg><\/span><h3 class=\"font-weight-bold secondary-font text-heading-default\" >O Transplante de C\u00e9lulas Estaminais Capilares tem um aspeto natural?<\/h3><\/button>\n           <\/div>\n           <div id=\"collapse1708593480955-39c2fe8b-472e\" class=\"collapse  \" aria-labelledby=\"heading1708593480955-39c2fe8b-472e\">\n             <div class=\"card-body\">\n                 <div class=\"pix-el-text w-100  \" ><div class=\"d-inline-block\" style=\"max-width:600px;\"><p class=\"  text-body-default  \" >Sim, os transplantes de c\u00e9lulas estaminais capilares proporcionam resultados naturais. Esta t\u00e9cnica avan\u00e7ada de restaura\u00e7\u00e3o capilar envolve o uso das suas pr\u00f3prias c\u00e9lulas estaminais para estimular o crescimento do cabelo, visando a alopecia androgen\u00e9tica e outras condi\u00e7\u00f5es de perda de cabelo, regenerando o ciclo de crescimento do cabelo. Como resultado, o cabelo transplantado combina perfeitamente com o seu cabelo existente, criando uma apar\u00eancia natural e indetet\u00e1vel. Experimente a confian\u00e7a de recuperar uma cabe\u00e7a mais cheia de cabelo com os resultados naturais alcan\u00e7ados atrav\u00e9s do Transplante de C\u00e9lulas Estaminais Capilares.<\/p><\/div><\/div>\n             <\/div>\n           <\/div>\n         <\/div><div class=\"card \">\n           <div class=\"card-header bg-white pix-mb-10 shadow-sm rounded-lg\" id=\"heading1708593487675-19b9ca0c-a74a\">\n               <button class=\"btn btn-link text-left rounded-lg bg-white\" type=\"button\" data-toggle=\"collapse\" data-target=\"#collapse1708593487675-19b9ca0c-a74a\" aria-expanded=\"true\" aria-controls=\"collapse1708593487675-19b9ca0c-a74a\" ><span class=\"d-inline-block text-gradient-primary svg-20 pix-mr-10\"><svg width=\"100%\" height=\"100%\" viewBox=\"0 0 24 24\" version=\"1.1\" xmlns=\"http:\/\/www.w3.org\/2000\/svg\" xmlns:xlink=\"http:\/\/www.w3.org\/1999\/xlink\"> <defs><\/defs> <g stroke=\"none\" stroke-width=\"1\" fill=\"none\" fill-rule=\"evenodd\"> <circle fill=\"#000000\" opacity=\"0.3\" cx=\"12\" cy=\"12\" r=\"10\"><\/circle> <path d=\"M12,16 C12.5522847,16 13,16.4477153 13,17 C13,17.5522847 12.5522847,18 12,18 C11.4477153,18 11,17.5522847 11,17 C11,16.4477153 11.4477153,16 12,16 Z M10.591,14.868 L10.591,13.209 L11.851,13.209 C13.447,13.209 14.602,11.991 14.602,10.395 C14.602,8.799 13.447,7.581 11.851,7.581 C10.234,7.581 9.121,8.799 9.121,10.395 L7.336,10.395 C7.336,7.875 9.31,5.922 11.851,5.922 C14.392,5.922 16.387,7.875 16.387,10.395 C16.387,12.915 14.392,14.868 11.851,14.868 L10.591,14.868 Z\" fill=\"#000000\"><\/path> <\/g> <\/svg><\/span><h3 class=\"font-weight-bold secondary-font text-heading-default\" >O cabelo transplantado pode crescer muito?<\/h3><\/button>\n           <\/div>\n           <div id=\"collapse1708593487675-19b9ca0c-a74a\" class=\"collapse  \" aria-labelledby=\"heading1708593487675-19b9ca0c-a74a\">\n             <div class=\"card-body\">\n                 <div class=\"pix-el-text w-100  \" ><div class=\"d-inline-block\" style=\"max-width:600px;\"><p class=\"  text-body-default  \" >Certamente, o cabelo transplantado pode crescer muito. Durante um procedimento de transplante capilar, fol\u00edculos capilares saud\u00e1veis s\u00e3o colhidos de \u00e1reas doadoras, normalmente resistentes \u00e0 queda de cabelo. Estes fol\u00edculos mant\u00eam o seu ciclo de crescimento natural, permitindo que o cabelo transplantado cres\u00e7a tal como o resto do seu cabelo. Com os devidos cuidados e manuten\u00e7\u00e3o, pode desfrutar de todo o potencial de crescimento do seu cabelo transplantado, alcan\u00e7ando o comprimento que deseja para um aspeto natural e atrativo.<\/p><\/div><\/div>\n             <\/div>\n           <\/div>\n         <\/div><\/div>[\/vc_column][vc_column width=&#8221;1\/2&#8243;]<div class=\"accordion w-100 accordion-card bg-white2 rounded-lg2 \" id=\"accordion-1590709472675-f4008e87-9d5b\"><div class=\"card \">\n           <div class=\"card-header bg-white pix-mb-10 shadow-sm rounded-lg\" id=\"heading1705403981552-a18d0f57-3f75\">\n               <button class=\"btn btn-link text-left rounded-lg bg-white\" type=\"button\" data-toggle=\"collapse\" data-target=\"#collapse1705403981552-a18d0f57-3f75\" aria-expanded=\"true\" aria-controls=\"collapse1705403981552-a18d0f57-3f75\" ><span class=\"d-inline-block text-gradient-primary svg-20 pix-mr-10\"><svg width=\"100%\" height=\"100%\" viewBox=\"0 0 24 24\" version=\"1.1\" xmlns=\"http:\/\/www.w3.org\/2000\/svg\" xmlns:xlink=\"http:\/\/www.w3.org\/1999\/xlink\"> <defs><\/defs> <g stroke=\"none\" stroke-width=\"1\" fill=\"none\" fill-rule=\"evenodd\"> <circle fill=\"#000000\" opacity=\"0.3\" cx=\"12\" cy=\"12\" r=\"10\"><\/circle> <path d=\"M12,16 C12.5522847,16 13,16.4477153 13,17 C13,17.5522847 12.5522847,18 12,18 C11.4477153,18 11,17.5522847 11,17 C11,16.4477153 11.4477153,16 12,16 Z M10.591,14.868 L10.591,13.209 L11.851,13.209 C13.447,13.209 14.602,11.991 14.602,10.395 C14.602,8.799 13.447,7.581 11.851,7.581 C10.234,7.581 9.121,8.799 9.121,10.395 L7.336,10.395 C7.336,7.875 9.31,5.922 11.851,5.922 C14.392,5.922 16.387,7.875 16.387,10.395 C16.387,12.915 14.392,14.868 11.851,14.868 L10.591,14.868 Z\" fill=\"#000000\"><\/path> <\/g> <\/svg><\/span><h3 class=\"font-weight-bold secondary-font text-heading-default\" >Quanto tempo devo usar chap\u00e9u ap\u00f3s o transplante de c\u00e9lulas estaminais capilares?<\/h3><\/button>\n           <\/div>\n           <div id=\"collapse1705403981552-a18d0f57-3f75\" class=\"collapse  \" aria-labelledby=\"heading1705403981552-a18d0f57-3f75\">\n             <div class=\"card-body\">\n                 <div class=\"pix-el-text w-100  \" ><div class=\"d-inline-block\" style=\"max-width:600px;\"><p class=\"  text-body-default  \" >Ap\u00f3s um transplante de c\u00e9lulas estaminais capilares, \u00e9 aconselh\u00e1vel usar um chap\u00e9u durante pelo menos a primeira semana para proteger a \u00e1rea rec\u00e9m-transplantada da exposi\u00e7\u00e3o solar e de fatores ambientais. No entanto, \u00e9 crucial consultar o seu cirurgi\u00e3o para obter orienta\u00e7\u00e3o personalizada sobre o processo de transfer\u00eancia celular envolvido na cirurgia. \u00c0 medida que o couro cabeludo cicatriza e progride ao longo do ciclo de crescimento do cabelo, pode reduzir gradualmente o uso do chap\u00e9u. Evite o uso de cabe\u00e7a apertado ou restritivo para garantir um fluxo de ar adequado e minimizar o atrito. Seguir as instru\u00e7\u00f5es do seu cirurgi\u00e3o contribuir\u00e1 para um processo de recupera\u00e7\u00e3o suave e resultados ideais do seu Transplante de C\u00e9lulas Estaminais Capilares.<\/p><\/div><\/div>\n             <\/div>\n           <\/div>\n         <\/div><div class=\"card \">\n           <div class=\"card-header bg-white pix-mb-10 shadow-sm rounded-lg\" id=\"heading1708596697211-aa24fb62-12e0\">\n               <button class=\"btn btn-link text-left rounded-lg bg-white\" type=\"button\" data-toggle=\"collapse\" data-target=\"#collapse1708596697211-aa24fb62-12e0\" aria-expanded=\"true\" aria-controls=\"collapse1708596697211-aa24fb62-12e0\" ><span class=\"d-inline-block text-gradient-primary svg-20 pix-mr-10\"><svg width=\"100%\" height=\"100%\" viewBox=\"0 0 24 24\" version=\"1.1\" xmlns=\"http:\/\/www.w3.org\/2000\/svg\" xmlns:xlink=\"http:\/\/www.w3.org\/1999\/xlink\"> <defs><\/defs> <g stroke=\"none\" stroke-width=\"1\" fill=\"none\" fill-rule=\"evenodd\"> <circle fill=\"#000000\" opacity=\"0.3\" cx=\"12\" cy=\"12\" r=\"10\"><\/circle> <path d=\"M12,16 C12.5522847,16 13,16.4477153 13,17 C13,17.5522847 12.5522847,18 12,18 C11.4477153,18 11,17.5522847 11,17 C11,16.4477153 11.4477153,16 12,16 Z M10.591,14.868 L10.591,13.209 L11.851,13.209 C13.447,13.209 14.602,11.991 14.602,10.395 C14.602,8.799 13.447,7.581 11.851,7.581 C10.234,7.581 9.121,8.799 9.121,10.395 L7.336,10.395 C7.336,7.875 9.31,5.922 11.851,5.922 C14.392,5.922 16.387,7.875 16.387,10.395 C16.387,12.915 14.392,14.868 11.851,14.868 L10.591,14.868 Z\" fill=\"#000000\"><\/path> <\/g> <\/svg><\/span><h3 class=\"font-weight-bold secondary-font text-heading-default\" >Quanto tempo dura o transplante de c\u00e9lulas estaminais capilares?<\/h3><\/button>\n           <\/div>\n           <div id=\"collapse1708596697211-aa24fb62-12e0\" class=\"collapse  \" aria-labelledby=\"heading1708596697211-aa24fb62-12e0\">\n             <div class=\"card-body\">\n                 <div class=\"pix-el-text w-100  \" ><div class=\"d-inline-block\" style=\"max-width:600px;\"><p class=\"  text-body-default  \" >Um Transplante de C\u00e9lulas Estaminais Capilares proporciona resultados permanentes duradouros, uma vez que o cabelo transplantado \u00e9 resistente aos fatores que causam a queda de cabelo. A longevidade do transplante varia entre os indiv\u00edduos, mas muitos desfrutam de restaura\u00e7\u00e3o capilar permanente ou significativamente prolongada. O procedimento envolve a colheita de fol\u00edculos pilosos de uma \u00e1rea doadora e implant\u00e1-los em \u00e1reas calvas ou enfraquecidas. Com os devidos cuidados p\u00f3s-operat\u00f3rios e a ades\u00e3o \u00e0s recomenda\u00e7\u00f5es m\u00e9dicas, os indiv\u00edduos podem esperar resultados duradouros e naturais do seu Transplante de C\u00e9lulas Estaminais Capilares.<\/p><\/div><\/div>\n             <\/div>\n           <\/div>\n         <\/div><div class=\"card \">\n           <div class=\"card-header bg-white pix-mb-10 shadow-sm rounded-lg\" id=\"heading1708680986904-c3960cb0-49f5\">\n               <button class=\"btn btn-link text-left rounded-lg bg-white\" type=\"button\" data-toggle=\"collapse\" data-target=\"#collapse1708680986904-c3960cb0-49f5\" aria-expanded=\"true\" aria-controls=\"collapse1708680986904-c3960cb0-49f5\" ><span class=\"d-inline-block text-gradient-primary svg-20 pix-mr-10\"><svg width=\"100%\" height=\"100%\" viewBox=\"0 0 24 24\" version=\"1.1\" xmlns=\"http:\/\/www.w3.org\/2000\/svg\" xmlns:xlink=\"http:\/\/www.w3.org\/1999\/xlink\"> <defs><\/defs> <g stroke=\"none\" stroke-width=\"1\" fill=\"none\" fill-rule=\"evenodd\"> <circle fill=\"#000000\" opacity=\"0.3\" cx=\"12\" cy=\"12\" r=\"10\"><\/circle> <path d=\"M12,16 C12.5522847,16 13,16.4477153 13,17 C13,17.5522847 12.5522847,18 12,18 C11.4477153,18 11,17.5522847 11,17 C11,16.4477153 11.4477153,16 12,16 Z M10.591,14.868 L10.591,13.209 L11.851,13.209 C13.447,13.209 14.602,11.991 14.602,10.395 C14.602,8.799 13.447,7.581 11.851,7.581 C10.234,7.581 9.121,8.799 9.121,10.395 L7.336,10.395 C7.336,7.875 9.31,5.922 11.851,5.922 C14.392,5.922 16.387,7.875 16.387,10.395 C16.387,12.915 14.392,14.868 11.851,14.868 L10.591,14.868 Z\" fill=\"#000000\"><\/path> <\/g> <\/svg><\/span><h3 class=\"font-weight-bold secondary-font text-heading-default\" >De quantos enxertos necessito?<\/h3><\/button>\n           <\/div>\n           <div id=\"collapse1708680986904-c3960cb0-49f5\" class=\"collapse  \" aria-labelledby=\"heading1708680986904-c3960cb0-49f5\">\n             <div class=\"card-body\">\n                 <div class=\"pix-el-text w-100  \" ><div class=\"d-inline-block\" style=\"max-width:600px;\"><p class=\"  text-body-default  \" >Determinar o n\u00famero de enxertos necess\u00e1rios para um transplante capilar depende de fatores individuais, como a extens\u00e3o da perda de cabelo, a densidade desejada e o tamanho da \u00e1rea de tratamento. Durante uma consulta, os nossos cirurgi\u00f5es experientes avaliam estes aspetos para fornecer uma recomenda\u00e7\u00e3o personalizada, tendo em conta a potencial efic\u00e1cia dos tratamentos com c\u00e9lulas estaminais para a queda de cabelo.<br \/>\nNeste procedimento, s\u00e3o utilizadas c\u00e9lulas estaminais tamb\u00e9m conhecidas como &#8220;aut\u00f3logas&#8221;, derivadas das pr\u00f3prias c\u00e9lulas individuais. Aproximadamente 150-200 enxertos ou unidades foliculares capilares s\u00e3o colhidos das &#8220;\u00e1reas doadoras seguras&#8221; geneticamente resistentes no couro cabeludo sob anestesia local. Estes enxertos s\u00e3o ent\u00e3o processados para obter c\u00e9lulas estaminais foliculares aut\u00f3logas, contribuindo para a efic\u00e1cia do tratamento com c\u00e9lulas estaminais no crescimento do cabelo.<br \/>\nIsso garante que o procedimento atenda aos seus objetivos est\u00e9ticos e alcance resultados naturais. Confie na nossa experi\u00eancia para determinar o n\u00famero ideal de enxertos para as suas necessidades \u00fanicas de restaura\u00e7\u00e3o capilar.<\/p><\/div><\/div>\n             <\/div>\n           <\/div>\n         <\/div><div class=\"card \">\n           <div class=\"card-header bg-white pix-mb-10 shadow-sm rounded-lg\" id=\"heading1708596710435-af2bae25-cc6d\">\n               <button class=\"btn btn-link text-left rounded-lg bg-white\" type=\"button\" data-toggle=\"collapse\" data-target=\"#collapse1708596710435-af2bae25-cc6d\" aria-expanded=\"true\" aria-controls=\"collapse1708596710435-af2bae25-cc6d\" ><span class=\"d-inline-block text-gradient-primary svg-20 pix-mr-10\"><svg width=\"100%\" height=\"100%\" viewBox=\"0 0 24 24\" version=\"1.1\" xmlns=\"http:\/\/www.w3.org\/2000\/svg\" xmlns:xlink=\"http:\/\/www.w3.org\/1999\/xlink\"> <defs><\/defs> <g stroke=\"none\" stroke-width=\"1\" fill=\"none\" fill-rule=\"evenodd\"> <circle fill=\"#000000\" opacity=\"0.3\" cx=\"12\" cy=\"12\" r=\"10\"><\/circle> <path d=\"M12,16 C12.5522847,16 13,16.4477153 13,17 C13,17.5522847 12.5522847,18 12,18 C11.4477153,18 11,17.5522847 11,17 C11,16.4477153 11.4477153,16 12,16 Z M10.591,14.868 L10.591,13.209 L11.851,13.209 C13.447,13.209 14.602,11.991 14.602,10.395 C14.602,8.799 13.447,7.581 11.851,7.581 C10.234,7.581 9.121,8.799 9.121,10.395 L7.336,10.395 C7.336,7.875 9.31,5.922 11.851,5.922 C14.392,5.922 16.387,7.875 16.387,10.395 C16.387,12.915 14.392,14.868 11.851,14.868 L10.591,14.868 Z\" fill=\"#000000\"><\/path> <\/g> <\/svg><\/span><h3 class=\"font-weight-bold secondary-font text-heading-default\" >Qu\u00e3o doloroso \u00e9 o transplante de c\u00e9lulas estaminais do cabelo?<\/h3><\/button>\n           <\/div>\n           <div id=\"collapse1708596710435-af2bae25-cc6d\" class=\"collapse  \" aria-labelledby=\"heading1708596710435-af2bae25-cc6d\">\n             <div class=\"card-body\">\n                 <div class=\"pix-el-text w-100  \" ><div class=\"d-inline-block\" style=\"max-width:600px;\"><p class=\"  text-body-default  \" >O uso de anestesia local durante o processo ajuda a controlar qualquer dor potencial de forma eficaz, garantindo o conforto do paciente durante toda a cirurgia de Transplante Capilar de C\u00e9lulas-Tronco. Os procedimentos de transplante de c\u00e9lulas estaminais s\u00e3o geralmente bem tolerados, com o m\u00ednimo de desconforto relatado pelos doentes. Os pacientes geralmente experimentam apenas dor leve ou desconforto e a dor p\u00f3s-procedimento geralmente \u00e9 breve. O objetivo geral \u00e9 garantir uma experi\u00eancia confort\u00e1vel e suave para indiv\u00edduos submetidos a tratamentos de transplante de c\u00e9lulas estaminais.<\/p><\/div><\/div>\n             <\/div>\n           <\/div>\n         <\/div><div class=\"card \">\n           <div class=\"card-header bg-white pix-mb-10 shadow-sm rounded-lg\" id=\"heading1708596718771-411d4878-093f\">\n               <button class=\"btn btn-link text-left rounded-lg bg-white\" type=\"button\" data-toggle=\"collapse\" data-target=\"#collapse1708596718771-411d4878-093f\" aria-expanded=\"true\" aria-controls=\"collapse1708596718771-411d4878-093f\" ><span class=\"d-inline-block text-gradient-primary svg-20 pix-mr-10\"><svg width=\"100%\" height=\"100%\" viewBox=\"0 0 24 24\" version=\"1.1\" xmlns=\"http:\/\/www.w3.org\/2000\/svg\" xmlns:xlink=\"http:\/\/www.w3.org\/1999\/xlink\"> <defs><\/defs> <g stroke=\"none\" stroke-width=\"1\" fill=\"none\" fill-rule=\"evenodd\"> <circle fill=\"#000000\" opacity=\"0.3\" cx=\"12\" cy=\"12\" r=\"10\"><\/circle> <path d=\"M12,16 C12.5522847,16 13,16.4477153 13,17 C13,17.5522847 12.5522847,18 12,18 C11.4477153,18 11,17.5522847 11,17 C11,16.4477153 11.4477153,16 12,16 Z M10.591,14.868 L10.591,13.209 L11.851,13.209 C13.447,13.209 14.602,11.991 14.602,10.395 C14.602,8.799 13.447,7.581 11.851,7.581 C10.234,7.581 9.121,8.799 9.121,10.395 L7.336,10.395 C7.336,7.875 9.31,5.922 11.851,5.922 C14.392,5.922 16.387,7.875 16.387,10.395 C16.387,12.915 14.392,14.868 11.851,14.868 L10.591,14.868 Z\" fill=\"#000000\"><\/path> <\/g> <\/svg><\/span><h3 class=\"font-weight-bold secondary-font text-heading-default\" >A Turquia \u00e9 confi\u00e1vel para o transplante de c\u00e9lulas-tronco capilares?<\/h3><\/button>\n           <\/div>\n           <div id=\"collapse1708596718771-411d4878-093f\" class=\"collapse  \" aria-labelledby=\"heading1708596718771-411d4878-093f\">\n             <div class=\"card-body\">\n                 <div class=\"pix-el-text w-100  \" ><div class=\"d-inline-block\" style=\"max-width:600px;\"><p class=\"  text-body-default  \" >A Turquia estabeleceu-se como um destino de confian\u00e7a para transplantes de c\u00e9lulas estaminais capilares. Conhecida por suas instala\u00e7\u00f5es m\u00e9dicas avan\u00e7adas e profissionais experientes, a Turquia oferece um ambiente confi\u00e1vel e seguro para procedimentos m\u00e9dicos, incluindo aqueles que envolvem c\u00e9lulas-tronco para restaura\u00e7\u00e3o capilar. O compromisso do pa\u00eds com cuidados de sa\u00fade de qualidade, juntamente com instala\u00e7\u00f5es de \u00faltima gera\u00e7\u00e3o, garante que os pacientes recebam tratamento de alto n\u00edvel. Escolher a Turquia para o seu Transplante de C\u00e9lulas Estaminais Capilares \u00e9 uma decis\u00e3o apoiada por uma s\u00f3lida reputa\u00e7\u00e3o no setor da sa\u00fade, proporcionando aos pacientes confian\u00e7a na fiabilidade dos servi\u00e7os oferecidos.<\/p><\/div><\/div>\n             <\/div>\n           <\/div>\n         <\/div><\/div>[\/vc_column][\/vc_row][\/vc_section][vc_section full_width=&#8221;stretch_row&#8221; pix_over_visibility=&#8221;&#8221; responsive_css=&#8221;{&#8220;pix_res_sm_pt&#8220;:&#8220;30px&#8220;,&#8220;pix_res_sm_pb&#8220;:&#8220;30px&#8220;}&#8221; css=&#8221;.vc_custom_1708090054265{padding-top: 50px !important;padding-bottom: 50px !important;background-color: #1b1b1b !important;}&#8221; el_class=&#8221;services-reviews&#8221;][vc_row pix_particles_check=&#8221;&#8221; responsive_css=&#8221;{&#8220;pix_res_sm_pb&#8220;:&#8220;0&#8220;}&#8221; css=&#8221;.vc_custom_1648174112239{padding-bottom: 5px !important;}&#8221;][vc_column]<div  class=\"pix-heading-el text-center  vc_custom_1710164608748\"><div><div class=\"slide-in-container2\"><h2 class=\"text-white font-weight-bold animate-in heading-text el-title_custom_color mb-12\" style=\"font-size:32px;\" data-anim-type=\"fade-in-up\" data-anim-delay=\"200\">Coment\u00e1rios Stem Cell in Turkey<\/h2><\/div><\/div><\/div><div class=\"text-center  vc_custom_1710268399189\"><div><p class=\"pix-headline my-3  slide-inverse text-white   \" style=\"\"><span>Mergulhe em narrativas em primeira m\u00e3o de experi\u00eancias transformadoras de c\u00e9lulas-tronco na Turquia. Descubra avalia\u00e7\u00f5es genu\u00ednas que destacam a experi\u00eancia dos nossos m\u00e9dicos e a satisfa\u00e7\u00e3o dos nossos pacientes. Comece sua viagem \u00e0 excel\u00eancia de Istambul atrav\u00e9s das hist\u00f3rias compartilhadas de outras pessoas. <\/span><span class=\"pix-words-wrapper is-last\"><span class=\"is-visible \" ><\/span><\/span><\/p><\/div><\/div>[\/vc_column][\/vc_row][vc_row full_width=&#8221;stretch_row&#8221; content_placement=&#8221;middle&#8221; pix_particles_check=&#8221;&#8221;][vc_column css=&#8221;.vc_custom_1705409226333{margin-top: 0px !important;margin-bottom: 0px !important;}&#8221;][vc_raw_html]W3dwc2J4X2h0bWxfYmxvY2sgaWQ9IjEwODkyIl0=[\/vc_raw_html][\/vc_column][\/vc_row][\/vc_section][vc_row pix_particles_check=&#8221;&#8221; responsive_css=&#8221;{&#8220;pix_res_sm_pb&#8220;:&#8220;0&#8220;}&#8221; css=&#8221;.vc_custom_1708350913515{padding-bottom: 35px !important;}&#8221;][vc_column][vc_raw_html]W3dwc2J4X2h0bWxfYmxvY2sgaWQ9IjEwMDEyIl0=[\/vc_raw_html][\/vc_column][\/vc_row]<\/p>\n<\/div>","protected":false},"excerpt":{"rendered":"<p>[vc_section full_width=&#8221;stretch_row&#8221; pix_over_visibility=&#8221;&#8221; css=&#8221;.vc_custom_1705409715417{padding-top: 0px !important;padding-bottom: 0px !important;background-color: #ffffff !important;}&#8221; el_class=&#8221;home-services&#8221;][vc_row full_width=&#8221;stretch_row&#8221; content_placement=&#8221;middle&#8221; pix_particles_check=&#8221;&#8221; responsive_css=&#8221;{&#8220;pix_res_sm_mb&#8220;:&#8220;0&#8220;}&#8221; el_class=&#8221;home-services-title&#8221; css=&#8221;.vc_custom_1705417284267{margin-bottom: 0px !important;background-color: #1b1b1b !important;}&#8221;][vc_column css=&#8221;.vc_custom_1704808337344{margin-top: 35px !important;margin-bottom: 35px !important;}&#8221;][vc_raw_html]W3dwc2J4X2h0bWxfYmxvY2sgaWQ9IjExMzY3Il0=[\/vc_raw_html][\/vc_column][\/vc_row][\/vc_section][vc_section pix_over_visibility=&#8221;&#8221; responsive_css=&#8221;{&#8220;pix_res_sm_pt&#8220;:&#8220;30px&#8220;,&#8220;pix_res_sm_pb&#8220;:&#8220;30px&#8220;}&#8221; el_class=&#8221;services-content-page mobile-32&#8243; css=&#8221;.vc_custom_1705586296100{padding-top: 20px !important;padding-bottom: 20px !important;}&#8221;][vc_row full_width=&#8221;stretch_row&#8221; content_placement=&#8221;middle&#8221; pix_particles_check=&#8221;&#8221; responsive_css=&#8221;{&#8220;pix_res_sm_pt&#8220;:&#8220;0&#8220;,&#8220;pix_res_sm_pb&#8220;:&#8220;0&#8220;}&#8221;][vc_column width=&#8221;1\/2&#8243;][vc_column_text&#8230;<\/p>\n","protected":false},"author":1,"featured_media":0,"parent":74535,"menu_order":0,"comment_status":"closed","ping_status":"closed","template":"","meta":{"_vp_format_video_url":"","_vp_image_focal_point":[],"_joinchat":[],"footnotes":""},"class_list":["post-74550","page","type-page","status-publish","hentry"],"_links":{"self":[{"href":"https:\/\/internationalplus.net\/pt-pt\/wp-json\/wp\/v2\/pages\/74550","targetHints":{"allow":["GET"]}}],"collection":[{"href":"https:\/\/internationalplus.net\/pt-pt\/wp-json\/wp\/v2\/pages"}],"about":[{"href":"https:\/\/internationalplus.net\/pt-pt\/wp-json\/wp\/v2\/types\/page"}],"author":[{"embeddable":true,"href":"https:\/\/internationalplus.net\/pt-pt\/wp-json\/wp\/v2\/users\/1"}],"replies":[{"embeddable":true,"href":"https:\/\/internationalplus.net\/pt-pt\/wp-json\/wp\/v2\/comments?post=74550"}],"version-history":[{"count":0,"href":"https:\/\/internationalplus.net\/pt-pt\/wp-json\/wp\/v2\/pages\/74550\/revisions"}],"up":[{"embeddable":true,"href":"https:\/\/internationalplus.net\/pt-pt\/wp-json\/wp\/v2\/pages\/74535"}],"wp:attachment":[{"href":"https:\/\/internationalplus.net\/pt-pt\/wp-json\/wp\/v2\/media?parent=74550"}],"curies":[{"name":"wp","href":"https:\/\/api.w.org\/{rel}","templated":true}]}}